{"id":257434,"date":"2025-09-08T06:16:33","date_gmt":"2025-09-08T04:16:33","guid":{"rendered":"https:\/\/tintoreriasronsel.es\/tienda\/?page_id=257434"},"modified":"2026-03-02T11:22:51","modified_gmt":"2026-03-02T10:22:51","slug":"servicio-a-domicilio-de-tintoreria-en-madrid","status":"publish","type":"page","link":"https:\/\/tintoreriasronsel.es\/tienda\/servicio-a-domicilio-de-tintoreria-en-madrid\/","title":{"rendered":"Utilice nuestro servicio a domicilio en Madrid"},"content":{"rendered":"<p>[et_pb_section fb_built=\u00bb1&#8243; fullwidth=\u00bbon\u00bb _builder_version=\u00bb4.27.5&#8243; _module_preset=\u00bb823ce878-3029-43b3-8abe-629fa3a9f11f\u00bb da_disable_devices=\u00bboff|off|off\u00bb global_colors_info=\u00bb{}\u00bb theme_builder_area=\u00bbpost_content\u00bb da_is_popup=\u00bboff\u00bb da_exit_intent=\u00bboff\u00bb da_has_close=\u00bbon\u00bb da_alt_close=\u00bboff\u00bb da_dark_close=\u00bboff\u00bb da_not_modal=\u00bbon\u00bb da_is_singular=\u00bboff\u00bb da_with_loader=\u00bboff\u00bb da_has_shadow=\u00bbon\u00bb][et_pb_fullwidth_slider _builder_version=\u00bb4.27.5&#8243; _module_preset=\u00bbf256feb6-47d0-454a-8b24-05a06e6ba2ce\u00bb hover_enabled=\u00bb0&#8243; global_colors_info=\u00bb{}\u00bb theme_builder_area=\u00bbpost_content\u00bb sticky_enabled=\u00bb0&#8243;][et_pb_slide heading=\u00bbEl Servicio a Domicilio de Tintorer\u00edas Ronsel atiende su pedido en  Madrid\u00bb _builder_version=\u00bb4.27.5&#8243; _module_preset=\u00bbc3ac9349-aa86-4eba-8ae2-ad7ef5a513e2&#8243; background_enable_image=\u00bboff\u00bb background_video_webm=\u00bbhttps:\/\/tintoreriasronsel.es\/videos\/30_servicio-a-domicilio-de-tintoreria-en-madrid.webm\u00bb background_enable_video_webm=\u00bbon\u00bb hover_enabled=\u00bb0&#8243; global_colors_info=\u00bb{}\u00bb sticky_transition=\u00bbon\u00bb theme_builder_area=\u00bbpost_content\u00bb sticky_enabled=\u00bb0&#8243;]<\/p>\n<p>Recogemos sus prendas con cuidado y responsabilidad, y entregamos su ropa limpia y planchada en casa.<\/p>\n<p>[\/et_pb_slide][\/et_pb_fullwidth_slider][\/et_pb_section][et_pb_section fb_built=\u00bb1&#8243; _builder_version=\u00bb4.27.5&#8243; _module_preset=\u00bbbfac45bc-b245-4f94-a83a-02efdb34caa5&#8243; background_image=\u00bbhttps:\/\/tintoreriasronsel.es\/tienda\/wp-content\/uploads\/2025\/09\/sombra-capa.webp\u00bb background_size=\u00bbcontain\u00bb background_position=\u00bbtop_center\u00bb custom_margin=\u00bb0px||||false|false\u00bb custom_padding=\u00bb0px||||false|false\u00bb da_disable_devices=\u00bboff|off|off\u00bb global_colors_info=\u00bb{}\u00bb theme_builder_area=\u00bbpost_content\u00bb da_is_popup=\u00bboff\u00bb da_exit_intent=\u00bboff\u00bb da_has_close=\u00bbon\u00bb da_alt_close=\u00bboff\u00bb da_dark_close=\u00bboff\u00bb da_not_modal=\u00bbon\u00bb da_is_singular=\u00bboff\u00bb da_with_loader=\u00bboff\u00bb da_has_shadow=\u00bbon\u00bb][et_pb_row _builder_version=\u00bb4.27.5&#8243; _module_preset=\u00bb11248acd-95f2-441d-b466-62b1a9cf67c8&#8243; global_colors_info=\u00bb{}\u00bb theme_builder_area=\u00bbpost_content\u00bb][et_pb_column type=\u00bb4_4&#8243; _builder_version=\u00bb4.27.4&#8243; _module_preset=\u00bb_initial\u00bb global_colors_info=\u00bb{}\u00bb theme_builder_area=\u00bbpost_content\u00bb][et_pb_heading title=\u00bb@ET-DC@eyJkeW5hbWljIjp0cnVlLCJjb250ZW50IjoicG9zdF90aXRsZSIsInNldHRpbmdzIjp7ImJlZm9yZSI6IiIsImFmdGVyIjoiIn19@\u00bb _builder_version=\u00bb4.27.5&#8243; _dynamic_attributes=\u00bbtitle\u00bb _module_preset=\u00bbc88a714a-1137-4742-bbe0-999ea2af2593&#8243; global_colors_info=\u00bb{}\u00bb theme_builder_area=\u00bbpost_content\u00bb][\/et_pb_heading][\/et_pb_column][\/et_pb_row][et_pb_row column_structure=\u00bb2_3,1_3&#8243; _builder_version=\u00bb4.27.5&#8243; _module_preset=\u00bb37eb2ac9-85d2-41b2-b7d2-a39dd2121996&#8243; custom_margin=\u00bb|134px||auto||\u00bb global_colors_info=\u00bb{}\u00bb theme_builder_area=\u00bbpost_content\u00bb][et_pb_column type=\u00bb2_3&#8243; _builder_version=\u00bb4.27.5&#8243; _module_preset=\u00bbdefault\u00bb global_colors_info=\u00bb{}\u00bb theme_builder_area=\u00bbpost_content\u00bb][et_pb_text admin_label=\u00bbT\u00edtulo Texto\u00bb _builder_version=\u00bb4.27.5&#8243; _module_preset=\u00bbed843646-dd90-4212-9af2-292331f3c906&#8243; locked=\u00bboff\u00bb global_colors_info=\u00bb{}\u00bb theme_builder_area=\u00bbpost_content\u00bb]<\/p>\n<h2>Recogiendo y entregando su ropa, nuestro servicio siempre cumple en tiempo y calidad de limpieza.<\/h2>\n<p>En el barrio de\u00a0<em>Salamanca<\/em>, en la calle\u00a0<strong>General Pardi\u00f1as<\/strong>, 41; en la calle\u00a0<strong>del Trigo 1, en Legan\u00e9s<\/strong>; y tambi\u00e9n en la calle\u00a0<strong>N\u00fa\u00f1ez de Balboa,\u00a0<\/strong>95. Y si usted se encuentra en el Distrito de Chamber\u00ed lo atenderemos gustosamente en la calle\u00a0<strong>Zurbano<\/strong>, 58.<\/p>\n<p>[\/et_pb_text][et_pb_code admin_label=\u00bb&#8212;-Separador Aqua Derecha&#8212;-\u00bb _builder_version=\u00bb4.20.2&#8243; _module_preset=\u00bbdefault\u00bb custom_margin=\u00bb25px||||false|false\u00bb locked=\u00bboff\u00bb global_colors_info=\u00bb{}\u00bb theme_builder_area=\u00bbpost_content\u00bb]<\/p>\n<div id=\"separator-black\" style=\"width: 90%;<!-- [et_pb_line_break_holder] -->    margin: 30px 0px 30px 20px;<!-- [et_pb_line_break_holder] -->    position: relative;<!-- [et_pb_line_break_holder] -->    height: 2px;<!-- [et_pb_line_break_holder] -->    -webkit-backface-visibility: hidden;<!-- [et_pb_line_break_holder] -->    -webkit-transform: translateZ(0) scale(1, 1);<!-- [et_pb_line_break_holder] -->    background: linear-gradient(to right, rgba(99,213,202, 0) 0%, rgba(0,127,127, 0.5) 33%, rgba(0,187,187, 0.5) 66%, rgba(0, 0, 0, 0) 100%);\u00bb><\/div>\n<p>[\/et_pb_code][et_pb_text _builder_version=\u00bb4.27.5&#8243; _module_preset=\u00bbed843646-dd90-4212-9af2-292331f3c906&#8243; saved_tabs=\u00bball\u00bb locked=\u00bboff\u00bb global_colors_info=\u00bb{}\u00bb theme_builder_area=\u00bbpost_content\u00bb]<\/p>\n<h1 class=\"page-title\">En el centro de Madrid<\/h1>\n<p>En MADRID CAPITAL, atendemos pedidos de servicio a domicilio en el Distrito CENTRO, los barrios: Palacio, Embajadores, Cortes, Justicia, Universidad y Sol&#8230;<\/p>\n<p>[\/et_pb_text][et_pb_code _builder_version=\u00bb4.27.5&#8243; _module_preset=\u00bbdefault\u00bb locked=\u00bboff\u00bb global_colors_info=\u00bb{}\u00bb theme_builder_area=\u00bbpost_content\u00bb]<iframe loading=\"lazy\" width=\"100%\" height=\"350\" frameborder=\"0\" scrolling=\"no\" marginheight=\"0\" marginwidth=\"0\" src=\"about:blank\" class=\"lazyload\" data-src=\"https:\/\/maps.google.es\/maps?f=q&#038;source=s_q&#038;hl=es&#038;geocode=&#038;q=Centro&#038;aq=&#038;sll=40.411516,-3.707644&#038;sspn=0.051236,0.111494&#038;ie=UTF8&#038;hq=&#038;hnear=Centro,+Madrid,+Comunidad+de+Madrid&#038;t=m&#038;ll=40.411536,-3.707628&#038;spn=0.01307,0.025663&#038;z=14&#038;iwloc=A&#038;output=embed\"><!-- [et_pb_line_break_holder] -->                                        <\/iframe>[\/et_pb_code][et_pb_code admin_label=\u00bb&#8212;-Separador Aqua Derecha&#8212;-\u00bb _builder_version=\u00bb4.20.2&#8243; _module_preset=\u00bbdefault\u00bb custom_margin=\u00bb25px||||false|false\u00bb locked=\u00bboff\u00bb global_colors_info=\u00bb{}\u00bb theme_builder_area=\u00bbpost_content\u00bb]<\/p>\n<div id=\"separator-black\" style=\"width: 90%;<!-- [et_pb_line_break_holder] -->    margin: 30px 0px 30px 20px;<!-- [et_pb_line_break_holder] -->    position: relative;<!-- [et_pb_line_break_holder] -->    height: 2px;<!-- [et_pb_line_break_holder] -->    -webkit-backface-visibility: hidden;<!-- [et_pb_line_break_holder] -->    -webkit-transform: translateZ(0) scale(1, 1);<!-- [et_pb_line_break_holder] -->    background: linear-gradient(to right, rgba(99,213,202, 0) 0%, rgba(0,127,127, 0.5) 33%, rgba(0,187,187, 0.5) 66%, rgba(0, 0, 0, 0) 100%);\u00bb><\/div>\n<p>[\/et_pb_code][et_pb_text _builder_version=\u00bb4.27.5&#8243; _module_preset=\u00bbed843646-dd90-4212-9af2-292331f3c906&#8243; saved_tabs=\u00bball\u00bb locked=\u00bboff\u00bb global_colors_info=\u00bb{}\u00bb theme_builder_area=\u00bbpost_content\u00bb]<\/p>\n<h1 class=\"page-title\">En el barrio Salamanca&#8230;<\/h1>\n<div class=\" margin-TopBot-20\">\n<div class=\"image-box style-2 shadow bordered light-gray-bg text-center\">\n<div class=\"body\">\n<p style=\"text-align: left;\">En el Distrito SALAMANCA, los barrios: Recoletos, Goya, Fuente del Berro, Guindalera, Lista&#8230;<\/p>\n<\/div>\n<\/div>\n<\/div>\n<div class=\" margin-TopBot-20\">\n<div class=\"image-box style-2 shadow bordered light-gray-bg text-center\"><\/div>\n<\/div>\n<p>[\/et_pb_text][et_pb_code _builder_version=\u00bb4.27.5&#8243; _module_preset=\u00bbdefault\u00bb locked=\u00bboff\u00bb global_colors_info=\u00bb{}\u00bb theme_builder_area=\u00bbpost_content\u00bb]<iframe loading=\"lazy\" width=\"100%\" height=\"350\" frameborder=\"0\" scrolling=\"no\" marginheight=\"0\" marginwidth=\"0\" src=\"about:blank\" class=\"lazyload\" data-src=\"https:\/\/maps.google.es\/maps?f=q&#038;source=s_q&#038;hl=es&#038;geocode=&#038;q=salamanca+madrid&#038;aq=&#038;sll=40.970104,-5.66354&#038;sspn=0.101617,0.222988&#038;ie=UTF8&#038;hq=&#038;hnear=Salamanca,+Madrid,+Comunidad+de+Madrid&#038;t=m&#038;ll=40.427937,-3.686771&#038;spn=0.013067,0.034246&#038;z=14&#038;iwloc=A&#038;output=embed\"><\/iframe>[\/et_pb_code][et_pb_code admin_label=\u00bb&#8212;-Separador Aqua Derecha&#8212;-\u00bb _builder_version=\u00bb4.20.2&#8243; _module_preset=\u00bbdefault\u00bb custom_margin=\u00bb25px||||false|false\u00bb locked=\u00bboff\u00bb global_colors_info=\u00bb{}\u00bb theme_builder_area=\u00bbpost_content\u00bb]<\/p>\n<div id=\"separator-black\" style=\"width: 90%;<!-- [et_pb_line_break_holder] -->    margin: 30px 0px 30px 20px;<!-- [et_pb_line_break_holder] -->    position: relative;<!-- [et_pb_line_break_holder] -->    height: 2px;<!-- [et_pb_line_break_holder] -->    -webkit-backface-visibility: hidden;<!-- [et_pb_line_break_holder] -->    -webkit-transform: translateZ(0) scale(1, 1);<!-- [et_pb_line_break_holder] -->    background: linear-gradient(to right, rgba(99,213,202, 0) 0%, rgba(0,127,127, 0.5) 33%, rgba(0,187,187, 0.5) 66%, rgba(0, 0, 0, 0) 100%);\u00bb><\/div>\n<p>[\/et_pb_code][et_pb_text _builder_version=\u00bb4.27.5&#8243; _module_preset=\u00bbed843646-dd90-4212-9af2-292331f3c906&#8243; saved_tabs=\u00bball\u00bb locked=\u00bboff\u00bb global_colors_info=\u00bb{}\u00bb theme_builder_area=\u00bbpost_content\u00bb]<\/p>\n<h1 class=\"page-title\">En Chamart\u00edn&#8230;<\/h1>\n<div class=\" margin-TopBot-20\">\n<div class=\"image-box style-2 shadow bordered light-gray-bg text-center\">\n<div class=\"body\">\n<p style=\"text-align: left;\">En el Distrito CHAMART\u00cdN, los barrios: El Viso, Prosperidad, Ciudad Jard\u00edn, Hispanoam\u00e9rica, Nueva Espa\u00f1a, Castilla&#8230;<\/p>\n<\/div>\n<\/div>\n<\/div>\n<div class=\" margin-TopBot-20\">\n<div class=\"image-box style-2 shadow bordered light-gray-bg text-center\"><\/div>\n<\/div>\n<p>[\/et_pb_text][et_pb_code _builder_version=\u00bb4.27.5&#8243; _module_preset=\u00bbdefault\u00bb locked=\u00bboff\u00bb global_colors_info=\u00bb{}\u00bb theme_builder_area=\u00bbpost_content\u00bb]<iframe loading=\"lazy\" width=\"100%\" height=\"350\" frameborder=\"0\" scrolling=\"no\" marginheight=\"0\" marginwidth=\"0\" src=\"about:blank\" class=\"lazyload\" data-src=\"https:\/\/maps.google.es\/maps?f=q&#038;source=s_q&#038;hl=es&#038;geocode=&#038;q=Chamart%C3%ADn,+Madrid&#038;aq=0&#038;oq=CHAMART%C3%8DN+&#038;sll=40.702044,-4.957305&#038;sspn=0.006377,0.013937&#038;ie=UTF8&#038;hq=&#038;hnear=Chamart%C3%ADn,+Madrid,+Comunidad+de+Madrid&#038;t=m&#038;ll=40.461511,-3.6866&#038;spn=0.013061,0.034246&#038;z=14&#038;iwloc=A&#038;output=embed\"><\/iframe>[\/et_pb_code][et_pb_code admin_label=\u00bb&#8212;-Separador Aqua Derecha&#8212;-\u00bb _builder_version=\u00bb4.20.2&#8243; _module_preset=\u00bbdefault\u00bb custom_margin=\u00bb25px||||false|false\u00bb locked=\u00bboff\u00bb global_colors_info=\u00bb{}\u00bb theme_builder_area=\u00bbpost_content\u00bb]<\/p>\n<div id=\"separator-black\" style=\"width: 90%;<!-- [et_pb_line_break_holder] -->    margin: 30px 0px 30px 20px;<!-- [et_pb_line_break_holder] -->    position: relative;<!-- [et_pb_line_break_holder] -->    height: 2px;<!-- [et_pb_line_break_holder] -->    -webkit-backface-visibility: hidden;<!-- [et_pb_line_break_holder] -->    -webkit-transform: translateZ(0) scale(1, 1);<!-- [et_pb_line_break_holder] -->    background: linear-gradient(to right, rgba(99,213,202, 0) 0%, rgba(0,127,127, 0.5) 33%, rgba(0,187,187, 0.5) 66%, rgba(0, 0, 0, 0) 100%);\u00bb><\/div>\n<p>[\/et_pb_code][et_pb_text _builder_version=\u00bb4.27.5&#8243; _module_preset=\u00bbed843646-dd90-4212-9af2-292331f3c906&#8243; saved_tabs=\u00bball\u00bb locked=\u00bboff\u00bb global_colors_info=\u00bb{}\u00bb theme_builder_area=\u00bbpost_content\u00bb]<\/p>\n<h1 class=\"page-title\">En Tetu\u00e1n&#8230;<\/h1>\n<div class=\" margin-TopBot-20\">\n<div class=\"image-box style-2 shadow bordered light-gray-bg text-center\">\n<div class=\"body\">\n<p style=\"text-align: left;\">En el Distrito TETU\u00c1N, los barrios: Bellas Vistas, Cuatro Caminos, Castillejos, Almenara, Valdeacederas, Berruguete&#8230;<\/p>\n<\/div>\n<\/div>\n<\/div>\n<div class=\" margin-TopBot-20\">\n<div class=\"image-box style-2 shadow bordered light-gray-bg text-center\"><\/div>\n<\/div>\n<p>[\/et_pb_text][et_pb_code _builder_version=\u00bb4.27.5&#8243; _module_preset=\u00bbdefault\u00bb locked=\u00bboff\u00bb global_colors_info=\u00bb{}\u00bb theme_builder_area=\u00bbpost_content\u00bb]<iframe loading=\"lazy\" width=\"100%\" height=\"350\" frameborder=\"0\" scrolling=\"no\" marginheight=\"0\" marginwidth=\"0\" src=\"about:blank\" class=\"lazyload\" data-src=\"https:\/\/maps.google.es\/maps?f=q&#038;source=s_q&#038;hl=es&#038;geocode=&#038;q=Tetuan+Madrid&#038;aq=&#038;sll=40.452318,-3.703683&#038;sspn=0.10241,0.222988&#038;ie=UTF8&#038;hq=&#038;hnear=Tet%C3%BAan,+Madrid,+Comunidad+de+Madrid&#038;t=m&#038;ll=40.458834,-3.697844&#038;spn=0.013061,0.034246&#038;z=14&#038;iwloc=A&#038;output=embed\"><\/iframe>[\/et_pb_code][et_pb_code admin_label=\u00bb&#8212;-Separador Aqua Derecha&#8212;-\u00bb _builder_version=\u00bb4.20.2&#8243; _module_preset=\u00bbdefault\u00bb custom_margin=\u00bb25px||||false|false\u00bb locked=\u00bboff\u00bb global_colors_info=\u00bb{}\u00bb theme_builder_area=\u00bbpost_content\u00bb]<\/p>\n<div id=\"separator-black\" style=\"width: 90%;<!-- [et_pb_line_break_holder] -->    margin: 30px 0px 30px 20px;<!-- [et_pb_line_break_holder] -->    position: relative;<!-- [et_pb_line_break_holder] -->    height: 2px;<!-- [et_pb_line_break_holder] -->    -webkit-backface-visibility: hidden;<!-- [et_pb_line_break_holder] -->    -webkit-transform: translateZ(0) scale(1, 1);<!-- [et_pb_line_break_holder] -->    background: linear-gradient(to right, rgba(99,213,202, 0) 0%, rgba(0,127,127, 0.5) 33%, rgba(0,187,187, 0.5) 66%, rgba(0, 0, 0, 0) 100%);\u00bb><\/div>\n<p>[\/et_pb_code][et_pb_text _builder_version=\u00bb4.27.5&#8243; _module_preset=\u00bbed843646-dd90-4212-9af2-292331f3c906&#8243; saved_tabs=\u00bball\u00bb locked=\u00bboff\u00bb global_colors_info=\u00bb{}\u00bb theme_builder_area=\u00bbpost_content\u00bb]<\/p>\n<h1 class=\"page-title\">En Chamber\u00ed&#8230;<\/h1>\n<div class=\" margin-TopBot-20\">\n<div class=\"image-box style-2 shadow bordered light-gray-bg text-center\">\n<div class=\"body\">\n<p style=\"text-align: left;\">En el Distrito CHAMBER\u00cd, los barrios: Gaztambide, Arapiles, Trafalgar, Almagro, R\u00edos Rosas, Vallehermoso&#8230;<\/p>\n<\/div>\n<\/div>\n<\/div>\n<div class=\" margin-TopBot-20\">\n<div class=\"image-box style-2 shadow bordered light-gray-bg text-center\"><\/div>\n<\/div>\n<p>[\/et_pb_text][et_pb_code _builder_version=\u00bb4.27.5&#8243; _module_preset=\u00bbdefault\u00bb locked=\u00bboff\u00bb global_colors_info=\u00bb{}\u00bb theme_builder_area=\u00bbpost_content\u00bb]<iframe loading=\"lazy\" width=\"100%\" height=\"350\" frameborder=\"0\" scrolling=\"no\" marginheight=\"0\" marginwidth=\"0\" src=\"about:blank\" class=\"lazyload\" data-src=\"https:\/\/maps.google.es\/maps?f=q&#038;source=s_q&#038;hl=es&#038;geocode=&#038;q=Chamber%C3%AD,+Madrid&#038;aq=0&#038;oq=CHAMBER%C3%8D+&#038;sll=40.434429,-3.713178&#038;sspn=0.025609,0.055747&#038;ie=UTF8&#038;hq=&#038;hnear=Chamber%C3%AD,+Madrid,+Comunidad+de+Madrid&#038;t=m&#038;ll=40.434405,-3.713207&#038;spn=0.013066,0.034246&#038;z=14&#038;iwloc=A&#038;output=embed\"><\/iframe>[\/et_pb_code][et_pb_code admin_label=\u00bb&#8212;-Separador Aqua Derecha&#8212;-\u00bb _builder_version=\u00bb4.20.2&#8243; _module_preset=\u00bbdefault\u00bb custom_margin=\u00bb25px||||false|false\u00bb locked=\u00bboff\u00bb global_colors_info=\u00bb{}\u00bb theme_builder_area=\u00bbpost_content\u00bb]<\/p>\n<div id=\"separator-black\" style=\"width: 90%;<!-- [et_pb_line_break_holder] -->    margin: 30px 0px 30px 20px;<!-- [et_pb_line_break_holder] -->    position: relative;<!-- [et_pb_line_break_holder] -->    height: 2px;<!-- [et_pb_line_break_holder] -->    -webkit-backface-visibility: hidden;<!-- [et_pb_line_break_holder] -->    -webkit-transform: translateZ(0) scale(1, 1);<!-- [et_pb_line_break_holder] -->    background: linear-gradient(to right, rgba(99,213,202, 0) 0%, rgba(0,127,127, 0.5) 33%, rgba(0,187,187, 0.5) 66%, rgba(0, 0, 0, 0) 100%);\u00bb><\/div>\n<p>[\/et_pb_code][et_pb_text _builder_version=\u00bb4.27.5&#8243; _module_preset=\u00bbed843646-dd90-4212-9af2-292331f3c906&#8243; saved_tabs=\u00bball\u00bb locked=\u00bboff\u00bb global_colors_info=\u00bb{}\u00bb theme_builder_area=\u00bbpost_content\u00bb]<\/p>\n<h1 class=\"page-title\">En Fuencarral &#8211; El Pardo&#8230;<\/h1>\n<div class=\" margin-TopBot-20\">\n<div class=\"image-box style-2 shadow bordered light-gray-bg text-center\">\n<div class=\"body\">\n<p style=\"text-align: left;\"><span>En el Distrito FUENCARRAL &#8211; EL PARDO, los barrios: Pilar, La Paz y Mirasierra&#8230;<\/span><\/p>\n<\/div>\n<\/div>\n<\/div>\n<div class=\" margin-TopBot-20\">\n<div class=\"image-box style-2 shadow bordered light-gray-bg text-center\"><\/div>\n<\/div>\n<p>[\/et_pb_text][et_pb_code _builder_version=\u00bb4.27.5&#8243; _module_preset=\u00bbdefault\u00bb locked=\u00bboff\u00bb global_colors_info=\u00bb{}\u00bb theme_builder_area=\u00bbpost_content\u00bb]<iframe loading=\"lazy\" width=\"100%\" height=\"350\" frameborder=\"0\" scrolling=\"no\" marginheight=\"0\" marginwidth=\"0\" src=\"about:blank\" class=\"lazyload\" data-src=\"https:\/\/maps.google.es\/maps?f=q&#038;source=s_q&#038;hl=es&#038;geocode=&#038;q=Av+Monforte+de+Lemos,+Madrid&#038;aq=1&#038;oq=FUENCARRAL+-+EL+PARDO&#038;sll=40.517584,-3.754964&#038;sspn=0.025578,0.055747&#038;ie=UTF8&#038;hq=&#038;hnear=Av+Monforte+de+Lemos,+Madrid&#038;t=m&#038;ll=40.479272,-3.704453&#038;spn=0.013057,0.034246&#038;z=14&#038;iwloc=A&#038;output=embed\"><\/iframe>[\/et_pb_code][et_pb_code admin_label=\u00bb&#8212;-Separador Aqua Derecha&#8212;-\u00bb _builder_version=\u00bb4.20.2&#8243; _module_preset=\u00bbdefault\u00bb custom_margin=\u00bb25px||||false|false\u00bb locked=\u00bboff\u00bb global_colors_info=\u00bb{}\u00bb theme_builder_area=\u00bbpost_content\u00bb]<\/p>\n<div id=\"separator-black\" style=\"width: 90%;<!-- [et_pb_line_break_holder] -->    margin: 30px 0px 30px 20px;<!-- [et_pb_line_break_holder] -->    position: relative;<!-- [et_pb_line_break_holder] -->    height: 2px;<!-- [et_pb_line_break_holder] -->    -webkit-backface-visibility: hidden;<!-- [et_pb_line_break_holder] -->    -webkit-transform: translateZ(0) scale(1, 1);<!-- [et_pb_line_break_holder] -->    background: linear-gradient(to right, rgba(99,213,202, 0) 0%, rgba(0,127,127, 0.5) 33%, rgba(0,187,187, 0.5) 66%, rgba(0, 0, 0, 0) 100%);\u00bb><\/div>\n<p>[\/et_pb_code][et_pb_text _builder_version=\u00bb4.27.5&#8243; _module_preset=\u00bbed843646-dd90-4212-9af2-292331f3c906&#8243; saved_tabs=\u00bball\u00bb locked=\u00bboff\u00bb global_colors_info=\u00bb{}\u00bb theme_builder_area=\u00bbpost_content\u00bb]<\/p>\n<h1 class=\"page-title\">En Moncloa &#8211; Aravaca&#8230;<\/h1>\n<div class=\" margin-TopBot-20\">\n<div class=\"image-box style-2 shadow bordered light-gray-bg text-center\">\n<div class=\"body\">\n<p style=\"text-align: left;\">En el Distrito MONCLOA &#8211; ARAVACA, los barrios: Arg\u00fcelles y Ciudad Universitaria&#8230;<\/p>\n<\/div>\n<\/div>\n<\/div>\n<div class=\" margin-TopBot-20\">\n<div class=\"image-box style-2 shadow bordered light-gray-bg text-center\">\u00a0<\/div>\n<\/div>\n<p>[\/et_pb_text][et_pb_code _builder_version=\u00bb4.27.5&#8243; _module_preset=\u00bbdefault\u00bb locked=\u00bboff\u00bb global_colors_info=\u00bb{}\u00bb theme_builder_area=\u00bbpost_content\u00bb]<iframe width=\"100%\" class=\"lazyload\"><\/iframe>[\/et_pb_code][et_pb_code admin_label=\u00bb&#8212;-Separador Aqua Derecha&#8212;-\u00bb _builder_version=\u00bb4.20.2&#8243; _module_preset=\u00bbdefault\u00bb custom_margin=\u00bb25px||||false|false\u00bb locked=\u00bboff\u00bb global_colors_info=\u00bb{}\u00bb theme_builder_area=\u00bbpost_content\u00bb]<\/p>\n<div id=\"separator-black\" style=\"width: 90%;<!-- [et_pb_line_break_holder] -->    margin: 30px 0px 30px 20px;<!-- [et_pb_line_break_holder] -->    position: relative;<!-- [et_pb_line_break_holder] -->    height: 2px;<!-- [et_pb_line_break_holder] -->    -webkit-backface-visibility: hidden;<!-- [et_pb_line_break_holder] -->    -webkit-transform: translateZ(0) scale(1, 1);<!-- [et_pb_line_break_holder] -->    background: linear-gradient(to right, rgba(99,213,202, 0) 0%, rgba(0,127,127, 0.5) 33%, rgba(0,187,187, 0.5) 66%, rgba(0, 0, 0, 0) 100%);\u00bb><\/div>\n<p>[\/et_pb_code][et_pb_text _builder_version=\u00bb4.27.5&#8243; _module_preset=\u00bbed843646-dd90-4212-9af2-292331f3c906&#8243; saved_tabs=\u00bball\u00bb locked=\u00bboff\u00bb global_colors_info=\u00bb{}\u00bb theme_builder_area=\u00bbpost_content\u00bb]<\/p>\n<h1 class=\"page-title\">En Moratalaz&#8230;<\/h1>\n<div class=\" margin-TopBot-20\">\n<div class=\"image-box style-2 shadow bordered light-gray-bg text-center\">\n<div class=\"body\">\n<p style=\"text-align: left;\">En el Distrito MORATALAZ, los barrios: Pavones, Horcajo, Marroquina, Media Legua, Fontarr\u00f3n y Vinateros&#8230;<\/p>\n<\/div>\n<\/div>\n<\/div>\n<div class=\" margin-TopBot-20\">\n<div class=\"image-box style-2 shadow bordered light-gray-bg text-center\"><\/div>\n<\/div>\n<p>[\/et_pb_text][et_pb_code _builder_version=\u00bb4.27.5&#8243; _module_preset=\u00bbdefault\u00bb locked=\u00bboff\u00bb global_colors_info=\u00bb{}\u00bb theme_builder_area=\u00bbpost_content\u00bb]<iframe loading=\"lazy\" width=\"100%\" height=\"350\" frameborder=\"0\" scrolling=\"no\" marginheight=\"0\" marginwidth=\"0\" src=\"about:blank\" class=\"lazyload\" data-src=\"https:\/\/maps.google.es\/maps?f=q&#038;source=s_q&#038;hl=es&#038;geocode=&#038;q=MORATALAZ&#038;aq=&#038;sll=40.526327,-3.817749&#038;sspn=3.27339,7.13562&#038;ie=UTF8&#038;hq=&#038;hnear=Moratalaz,+Madrid,+Comunidad+de+Madrid&#038;t=m&#038;ll=40.407222,-3.656988&#038;spn=0.013071,0.034246&#038;z=14&#038;iwloc=A&#038;output=embed\"><\/iframe>[\/et_pb_code][et_pb_code admin_label=\u00bb&#8212;-Separador Aqua Derecha&#8212;-\u00bb _builder_version=\u00bb4.20.2&#8243; _module_preset=\u00bbdefault\u00bb custom_margin=\u00bb25px||||false|false\u00bb locked=\u00bboff\u00bb global_colors_info=\u00bb{}\u00bb theme_builder_area=\u00bbpost_content\u00bb]<\/p>\n<div id=\"separator-black\" style=\"width: 90%;<!-- [et_pb_line_break_holder] -->    margin: 30px 0px 30px 20px;<!-- [et_pb_line_break_holder] -->    position: relative;<!-- [et_pb_line_break_holder] -->    height: 2px;<!-- [et_pb_line_break_holder] -->    -webkit-backface-visibility: hidden;<!-- [et_pb_line_break_holder] -->    -webkit-transform: translateZ(0) scale(1, 1);<!-- [et_pb_line_break_holder] -->    background: linear-gradient(to right, rgba(99,213,202, 0) 0%, rgba(0,127,127, 0.5) 33%, rgba(0,187,187, 0.5) 66%, rgba(0, 0, 0, 0) 100%);\u00bb><\/div>\n<p>[\/et_pb_code][et_pb_text _builder_version=\u00bb4.27.5&#8243; _module_preset=\u00bbed843646-dd90-4212-9af2-292331f3c906&#8243; saved_tabs=\u00bball\u00bb locked=\u00bboff\u00bb global_colors_info=\u00bb{}\u00bb theme_builder_area=\u00bbpost_content\u00bb]<\/p>\n<h1 class=\"page-title\">En Ciudad Lineal&#8230;<\/h1>\n<div class=\" margin-TopBot-20\">\n<div class=\"image-box style-2 shadow bordered light-gray-bg text-center\">\n<div class=\"body\">\n<p style=\"text-align: left;\">En el Distrito CIUDAD LINEAL, los barrios: Ventas, Pueblo Nuevo, Quintana, Concepci\u00f3n, San Pascual, San Juan Bautista, Colina, Atalaya y Costillares&#8230;<\/p>\n<\/div>\n<\/div>\n<\/div>\n<p>[\/et_pb_text][et_pb_code _builder_version=\u00bb4.27.5&#8243; _module_preset=\u00bbdefault\u00bb locked=\u00bboff\u00bb global_colors_info=\u00bb{}\u00bb theme_builder_area=\u00bbpost_content\u00bb]<iframe loading=\"lazy\" width=\"100%\" height=\"350\" frameborder=\"0\" scrolling=\"no\" marginheight=\"0\" marginwidth=\"0\" src=\"about:blank\" class=\"lazyload\" data-src=\"https:\/\/maps.google.es\/maps?f=q&#038;source=s_q&#038;hl=es&#038;geocode=&#038;q=CIUDAD+LINEAL&#038;aq=&#038;sll=40.525282,-3.81603&#038;sspn=3.27339,7.13562&#038;ie=UTF8&#038;hq=&#038;hnear=Ciudad+Lineal,+Madrid,+Comunidad+de+Madrid&#038;t=m&#038;ll=40.445641,-3.654413&#038;spn=0.013064,0.034246&#038;z=14&#038;iwloc=A&#038;output=embed\"><\/iframe>[\/et_pb_code][et_pb_code admin_label=\u00bb&#8212;-Separador Aqua Derecha&#8212;-\u00bb _builder_version=\u00bb4.20.2&#8243; _module_preset=\u00bbdefault\u00bb custom_margin=\u00bb25px||||false|false\u00bb locked=\u00bboff\u00bb global_colors_info=\u00bb{}\u00bb theme_builder_area=\u00bbpost_content\u00bb]<\/p>\n<div id=\"separator-black\" style=\"width: 90%;<!-- [et_pb_line_break_holder] -->    margin: 30px 0px 30px 20px;<!-- [et_pb_line_break_holder] -->    position: relative;<!-- [et_pb_line_break_holder] -->    height: 2px;<!-- [et_pb_line_break_holder] -->    -webkit-backface-visibility: hidden;<!-- [et_pb_line_break_holder] -->    -webkit-transform: translateZ(0) scale(1, 1);<!-- [et_pb_line_break_holder] -->    background: linear-gradient(to right, rgba(99,213,202, 0) 0%, rgba(0,127,127, 0.5) 33%, rgba(0,187,187, 0.5) 66%, rgba(0, 0, 0, 0) 100%);\u00bb><\/div>\n<p>[\/et_pb_code][et_pb_text _builder_version=\u00bb4.27.5&#8243; _module_preset=\u00bbed843646-dd90-4212-9af2-292331f3c906&#8243; saved_tabs=\u00bball\u00bb locked=\u00bboff\u00bb global_colors_info=\u00bb{}\u00bb theme_builder_area=\u00bbpost_content\u00bb]<\/p>\n<h1 class=\"page-title\">En Hortaleza&#8230;<\/h1>\n<div class=\" margin-TopBot-20\">\n<div class=\"image-box style-2 shadow bordered light-gray-bg text-center\">\n<div class=\"body\">\n<p style=\"text-align: left;\">En el Distrito HORTALEZA, los barrios: Pinar del Rey y Ap\u00f3stol Santiago&#8230;<\/p>\n<\/div>\n<\/div>\n<\/div>\n<p>[\/et_pb_text][et_pb_code _builder_version=\u00bb4.27.5&#8243; _module_preset=\u00bbdefault\u00bb locked=\u00bboff\u00bb global_colors_info=\u00bb{}\u00bb theme_builder_area=\u00bbpost_content\u00bb]<iframe width=\"100%\" class=\"lazyload\"><\/iframe>[\/et_pb_code][et_pb_code admin_label=\u00bb&#8212;-Separador Aqua Derecha&#8212;-\u00bb _builder_version=\u00bb4.20.2&#8243; _module_preset=\u00bbdefault\u00bb custom_margin=\u00bb25px||||false|false\u00bb locked=\u00bboff\u00bb global_colors_info=\u00bb{}\u00bb theme_builder_area=\u00bbpost_content\u00bb]<\/p>\n<div id=\"separator-black\" style=\"width: 90%;<!-- [et_pb_line_break_holder] -->    margin: 30px 0px 30px 20px;<!-- [et_pb_line_break_holder] -->    position: relative;<!-- [et_pb_line_break_holder] -->    height: 2px;<!-- [et_pb_line_break_holder] -->    -webkit-backface-visibility: hidden;<!-- [et_pb_line_break_holder] -->    -webkit-transform: translateZ(0) scale(1, 1);<!-- [et_pb_line_break_holder] -->    background: linear-gradient(to right, rgba(99,213,202, 0) 0%, rgba(0,127,127, 0.5) 33%, rgba(0,187,187, 0.5) 66%, rgba(0, 0, 0, 0) 100%);\u00bb><\/div>\n<p>[\/et_pb_code][et_pb_text _builder_version=\u00bb4.27.5&#8243; _module_preset=\u00bbed843646-dd90-4212-9af2-292331f3c906&#8243; saved_tabs=\u00bball\u00bb locked=\u00bboff\u00bb global_colors_info=\u00bb{}\u00bb theme_builder_area=\u00bbpost_content\u00bb]<\/p>\n<h1 class=\"page-title\">En San Blas &#8211; Canillejas&#8230;<\/h1>\n<div class=\" margin-TopBot-20\">\n<div class=\"image-box style-2 shadow bordered light-gray-bg text-center\">\n<div class=\"body\">\n<p style=\"text-align: left;\">En el Distrito SAN BLAS &#8211; CANILLEJAS, los barrios Quintana, Pueblo Nuevo, Simancas, Rosas&#8230;<\/p>\n<\/div>\n<\/div>\n<\/div>\n<p>[\/et_pb_text][et_pb_code _builder_version=\u00bb4.27.5&#8243; _module_preset=\u00bbdefault\u00bb locked=\u00bboff\u00bb global_colors_info=\u00bb{}\u00bb theme_builder_area=\u00bbpost_content\u00bb]<iframe loading=\"lazy\" width=\"100%\" height=\"350\" frameborder=\"0\" scrolling=\"no\" marginheight=\"0\" marginwidth=\"0\" src=\"about:blank\" class=\"lazyload\" data-src=\"https:\/\/maps.google.es\/maps?f=q&#038;source=s_q&#038;hl=es&#038;geocode=&#038;q=SAN+BLAS,+Madrid&#038;aq=&#038;sll=40.47415,-3.653611&#038;sspn=0.025594,0.055747&#038;ie=UTF8&#038;hq=&#038;hnear=San+Blas,+Madrid,+Comunidad+de+Madrid&#038;t=m&#038;ll=40.432184,-3.627892&#038;spn=0.026133,0.068493&#038;z=13&#038;iwloc=A&#038;output=embed\"><\/iframe>[\/et_pb_code][et_pb_code admin_label=\u00bb&#8212;-Separador Aqua Derecha&#8212;-\u00bb _builder_version=\u00bb4.20.2&#8243; _module_preset=\u00bbdefault\u00bb custom_margin=\u00bb25px||||false|false\u00bb locked=\u00bboff\u00bb global_colors_info=\u00bb{}\u00bb theme_builder_area=\u00bbpost_content\u00bb]<\/p>\n<div id=\"separator-black\" style=\"width: 90%;<!-- [et_pb_line_break_holder] -->    margin: 30px 0px 30px 20px;<!-- [et_pb_line_break_holder] -->    position: relative;<!-- [et_pb_line_break_holder] -->    height: 2px;<!-- [et_pb_line_break_holder] -->    -webkit-backface-visibility: hidden;<!-- [et_pb_line_break_holder] -->    -webkit-transform: translateZ(0) scale(1, 1);<!-- [et_pb_line_break_holder] -->    background: linear-gradient(to right, rgba(99,213,202, 0) 0%, rgba(0,127,127, 0.5) 33%, rgba(0,187,187, 0.5) 66%, rgba(0, 0, 0, 0) 100%);\u00bb><\/div>\n<p>[\/et_pb_code][et_pb_text _builder_version=\u00bb4.27.5&#8243; _module_preset=\u00bbed843646-dd90-4212-9af2-292331f3c906&#8243; saved_tabs=\u00bball\u00bb locked=\u00bboff\u00bb global_colors_info=\u00bb{}\u00bb theme_builder_area=\u00bbpost_content\u00bb]<\/p>\n<h1 class=\"page-title\">En Alcobendas&#8230;<\/h1>\n<div class=\" margin-TopBot-20\">\n<div class=\"image-box style-2 shadow bordered light-gray-bg text-center\">\n<div class=\"body\">\n<p style=\"text-align: left;\">Y en ALCOBENDAS, el barrio La Moraleja.<\/p>\n<\/div>\n<\/div>\n<\/div>\n<p>[\/et_pb_text][et_pb_code _builder_version=\u00bb4.27.5&#8243; _module_preset=\u00bbdefault\u00bb locked=\u00bboff\u00bb global_colors_info=\u00bb{}\u00bb theme_builder_area=\u00bbpost_content\u00bb]<iframe loading=\"lazy\" width=\"100%\" height=\"350\" frameborder=\"0\" scrolling=\"no\" marginheight=\"0\" marginwidth=\"0\" src=\"about:blank\" class=\"lazyload\" data-src=\"https:\/\/maps.google.es\/maps?f=q&#038;source=s_q&#038;hl=es&#038;geocode=&#038;q=La+Moraleja,+Alcobendas,&#038;aq=&#038;sll=40.469126,-3.67903&#038;sspn=0.204769,0.445976&#038;ie=UTF8&#038;hq=&#038;hnear=La+Moraleja&#038;t=m&#038;ll=40.514974,-3.641968&#038;spn=0.01305,0.034246&#038;z=14&#038;iwloc=A&#038;output=embed\"><\/iframe>[\/et_pb_code][\/et_pb_column][et_pb_column type=\u00bb1_3&#8243; _builder_version=\u00bb4.27.5&#8243; _module_preset=\u00bb7dabacaf-ca12-40c4-981a-b566304d6ea8&#8243; global_colors_info=\u00bb{}\u00bb theme_builder_area=\u00bbpost_content\u00bb][et_pb_blurb title=\u00bbHorario de atenci\u00f3n al p\u00fablico en nuestras tiendas f\u00edsicas\u00bb use_icon=\u00bbon\u00bb font_icon=\u00bb&#xf017;||fa||400&#8243; icon_color=\u00bb#00672c\u00bb admin_label=\u00bbAnuncio Empresa Familiar\u00bb _builder_version=\u00bb4.27.5&#8243; _module_preset=\u00bb66a44df2-45d4-40a3-ab0c-cf2306428e0d\u00bb header_font_size=\u00bb20px\u00bb use_background_color_gradient=\u00bbon\u00bb background_color_gradient_stops=\u00bb#f0bf28 0%|rgba(240,191,40,0) 100%\u00bb custom_margin=\u00bb0px||40px||false|false\u00bb custom_css_free_form=\u00bb.new_anuncio-widget .et_pb_blurb_container {||    padding: 20px; ||    display: flex;||    flex-direction: column;||    justify-content: space-evenly;||    flex-wrap: nowrap;||    height: auto;||}||.btn.radius-50.btn-default-transparent.position { display:block;||  margin:20px auto;||border: 1px #007A00 solid; border-radius:50px;width:fit-content; padding:10px 24px; ||}||.btn.radius-50.btn-default-transparent.position:hover {background-color: #00000010;}||\/*Correcci\u00f3n Im\u00e1genes Banners *\/||span.et_pb_image_wrap.et_pb_only_image_mode_wrap {||    width: 100%!important;||    background-color: transparent!important;||border: none!important;||border-radius: 0!important; margin:0px!important;padding:0px!important; padding-bottom:0px!important; padding-left:0px!important; padding-right:0px!important; padding-top:0px!important;||}||.nav.nav-pills.nav-stacked li {||    padding-bottom: 16px;||    border-bottom: thin solid #C3C3C3;||    margin-bottom: 16px;||    list-style-type: none;||\t}\u00bb border_radii=\u00bboff||16px||\u00bb global_module=\u00bb257313&#8243; locked=\u00bboff\u00bb global_colors_info=\u00bb{}\u00bb theme_builder_area=\u00bbpost_content\u00bb]<\/p>\n<div class=\"arbitraje-bg p-20\">\n<p><!--<\/p>\n\n\n\n\n\n\n\n\n\n\n\n\n<h3 class=\"arbitraje\">Nuestras tiendas est\u00e1n <strong>cerradas por vacaciones<\/strong> del 6 hasta el 27 de agosto.<\/h3>\n\n\n\n\n\n\n\n\n\n\n\n\n<p>spanClass_striketrough--><\/p>\n<div class=\"separator\"><strong>Madrid<\/strong><\/div>\n<div id=\"accordion-2\" class=\"panel-group \">\n<div class=\"panel panel-default arbitraje\">\n<div class=\"panel-body transp\">\n<p class=\"small-xs\"><span class=\"\">Lunes a viernes: 9:00\u201319:30<br \/>S\u00e1bado: 9:00\u201314:00<br \/><\/span>Domingo: Cerrado<\/p>\n<p class=\"small-xs\"><strong>Legan\u00e9s<\/strong><br \/><span class=\"\">Lunes a viernes: 7:00\u201317:00<br \/>S\u00e1bado: 9:00\u201314:00<br \/><\/span>Domingo: Cerrado<\/p>\n<\/div>\n<\/div>\n<\/div>\n<\/div>\n<p><a class=\"btn radius-50 btn-default-transparent position\" title=\"\" href=\"https:\/\/www.google.com\/search?q=Ronsel+Tintorerias+en+Madrid&amp;rlz=1C1GCEA_enES1100ES1100&amp;oq=Ronsel+Tintorerias+en+Madrid&amp;gs_lcrp=EgZjaHJvbWUyBggAEEUYOTIICAEQABgWGB4yCggCEAAYgAQYogQyCggDEAAYgAQYogQyBwgEEAAY7wXSAQc1NjVqMGo3qAIAsAIA&amp;sourceid=chrome&amp;ie=UTF-8&amp;sei=s-JEae7KJt3V7M8PgIy9mQY\" rel=\"nofollow noopener\" target=\"_blank\">Ver horarios en Google<\/a><\/p>\n<p>[\/et_pb_blurb][et_pb_blurb title=\u00bbNuestras Tiendas\u00bb admin_label=\u00bbAnuncio Empresa Familiar\u00bb _builder_version=\u00bb4.27.5&#8243; _module_preset=\u00bb66a44df2-45d4-40a3-ab0c-cf2306428e0d\u00bb use_background_color_gradient=\u00bbon\u00bb background_color_gradient_stops=\u00bb#dff0d8 0%|rgba(240,191,40,0) 100%\u00bb custom_margin=\u00bb0px||40px||false|false\u00bb custom_css_free_form=\u00bb.new_anuncio-widget .et_pb_blurb_container {||    padding: 20px; ||    display: flex;||    flex-direction: column;||    justify-content: space-evenly;||    flex-wrap: nowrap;||    height: auto;||}||.btn.radius-50.btn-default-transparent.position { display:block;||  margin:20px auto;||border: 1px #007A00 solid; border-radius:50px;width:fit-content; padding:10px 24px; ||}||.btn.radius-50.btn-default-transparent.position:hover {background-color: #00000010;}||\/*Correcci\u00f3n Im\u00e1genes Banners *\/||span.et_pb_image_wrap.et_pb_only_image_mode_wrap {||    width: 100%!important;||    background-color: transparent!important;||border: none!important;||border-radius: 0!important; margin:0px!important;padding:0px!important; padding-bottom:0px!important; padding-left:0px!important; padding-right:0px!important; padding-top:0px!important;||}||.nav.nav-pills.nav-stacked li {||    padding-bottom: 16px;||    border-bottom: thin solid #C3C3C3;||    margin-bottom: 16px;||    list-style-type: none;||\t}\u00bb border_radii=\u00bboff||16px||\u00bb global_module=\u00bb257312&#8243; locked=\u00bboff\u00bb global_colors_info=\u00bb{}\u00bb theme_builder_area=\u00bbpost_content\u00bb]<\/p>\n<div class=\"clearfix bg-success box-shadow-1 p-20 box-selector-tiendas\">\n<nav>\n<ul class=\"nav nav-pills nav-stacked\">\n<li><a href=\"#tienda_pardinas\">General Pardi\u00f1as, 41<\/a><\/li>\n<li><a href=\"#tienda_balboa\">N\u00fa\u00f1ez de Balboa, 95<\/a><\/li>\n<li><a href=\"#tienda_zurbano\">Zurbano, 58<\/a><\/li>\n<li><a href=\"#tienda_leganes\">Calle del Trigo 1, Legan\u00e9s<\/a><\/li>\n<\/ul>\n<\/nav>\n<p class=\"small-xs box-hyphens black-text\">En <span style=\"color: #339966;\"><strong class=\"default-color\">Tintorer\u00edas Ronsel<\/strong><\/span> somos especialistas en el cuidado, <em>limpieza<\/em>, <em>desmanchado<\/em> y <em>desodorizaci\u00f3n<\/em> de sus <em>prendas de vestir<\/em> y del <em>hogar<\/em>.<\/p>\n<div class=\"text-center\"><a class=\"btn radius-50 btn-default-transparent position\" title=\"Tel\u00e9fono de atenci\u00f3n al cliente\" href=\"tel:\/\/680590069\" rel=\"nofollow\">Ll\u00e1menos ahora <i class=\"fa fa-phone pl-10\" aria-hidden=\"true\"><\/i><\/a><\/div>\n<\/div>\n<p>[\/et_pb_blurb][et_pb_blurb title=\u00bbRonsel\u00bb image=\u00bbhttps:\/\/tintoreriasronsel.es\/images\/slide\/box-horizontal_sorpresa_izq.jpg\u00bb admin_label=\u00bbAnuncio_PRECIOS\u00bb _builder_version=\u00bb4.27.5&#8243; _module_preset=\u00bbe81f41cf-abd9-427c-bce9-2221fd3a1575&#8243; background_color=\u00bbrgba(223,240,216,0.49)\u00bb background_enable_color=\u00bboff\u00bb custom_css_free_form=\u00bb.anuncio-porque-ronsel .et_pb_blurb_container {||    padding: 20px; ||    display: flex;||    flex-direction: column;||    justify-content: space-evenly;||    flex-wrap: nowrap;||    height: auto;||}||.btn.radius-50.btn-default-transparent.position { display:block;||  margin:20px auto;||border: 1px #007A00 solid; border-radius:50px;width:fit-content; padding:10px 24px; ||}||.btn.radius-50.btn-default-transparent.position:hover {background-color: #00000010;}||\/*Correcci\u00f3n Im\u00e1genes Banners *\/||span.et_pb_image_wrap.et_pb_only_image_mode_wrap {||    width: 100%!important;||    background-color: transparent!important;||border: none!important;||border-radius: 0!important; margin:0px!important;padding:0px!important; padding-bottom:0px!important; padding-left:0px!important; padding-right:0px!important; padding-top:0px!important;||}||||\u00bb custom_css_blurb_image=\u00bb\twidth:max-content;\u00bb box_shadow_style=\u00bbnone\u00bb global_module=\u00bb257315&#8243; saved_tabs=\u00bball\u00bb locked=\u00bboff\u00bb global_colors_info=\u00bb{}\u00bb theme_builder_area=\u00bbpost_content\u00bb]<\/p>\n<p>Porque en <strong>Tintorer\u00edas Ronsel<\/strong> siempre ofrecemos a nuestros clientes los precios m\u00e1s econ\u00f3micos y el servicio m\u00e1s eficiente. Servicio a Domicilio en casi todo Madrid Capital.<\/p>\n<p><a class=\"btn radius-50 btn-default-transparent position\" title=\"Ronsel\" href=\"https:\/\/tintoreriasronsel.es\/tienda\/precios-tarifas-y-promociones-de-tintoreria\/\" target=\"_blank\" rel=\"noopener\">Lista de Precios <i class=\"fa fa-arrow-right pl-10\"><\/i><\/a><\/p>\n<p>[\/et_pb_blurb][et_pb_social_media_follow admin_label=\u00bbnew_Social Media Follow\u00bb _builder_version=\u00bb4.27.5&#8243; _module_preset=\u00bb4fcc37f5-4719-4bf9-af1f-76dcd4e0d0d4&#8243; link_shape=\u00bbcircle\u00bb global_module=\u00bb257317&#8243; saved_tabs=\u00bball\u00bb locked=\u00bboff\u00bb global_colors_info=\u00bb{}\u00bb theme_builder_area=\u00bbpost_content\u00bb][et_pb_social_media_follow_network social_network=\u00bbinstagram\u00bb url=\u00bbhttps:\/\/www.instagram.com\/tintoreriasronsel\/\u00bb _builder_version=\u00bb4.27.5&#8243; _module_preset=\u00bb23328980-f28f-45e8-9e88-0b3621421c45&#8243; global_colors_info=\u00bb{}\u00bb theme_builder_area=\u00bbpost_content\u00bb follow_button=\u00bboff\u00bb url_new_window=\u00bboff\u00bb]instagram[\/et_pb_social_media_follow_network][\/et_pb_social_media_follow][\/et_pb_column][\/et_pb_row][et_pb_row column_structure=\u00bb1_2,1_2&#8243; use_custom_gutter=\u00bbon\u00bb gutter_width=\u00bb1&#8243; make_equal=\u00bbon\u00bb admin_label=\u00bbFila Contratar\u00bb _builder_version=\u00bb4.27.5&#8243; background_enable_color=\u00bboff\u00bb background_enable_image=\u00bboff\u00bb background_size=\u00bbcustom\u00bb background_image_width=\u00bb50%\u00bb background_position=\u00bbbottom_left\u00bb background_horizontal_offset=\u00bb0%\u00bb width=\u00bb100%\u00bb custom_margin=\u00bb||0px||false|false\u00bb custom_padding=\u00bb||0px||false|false\u00bb locked=\u00bboff\u00bb global_colors_info=\u00bb{}\u00bb theme_builder_area=\u00bbpost_content\u00bb][et_pb_column type=\u00bb1_2&#8243; _builder_version=\u00bb4.27.5&#8243; background_enable_color=\u00bboff\u00bb background_image=\u00bbhttps:\/\/tintoreriasronsel.es\/images\/tintoreria-img-domicilio-1.jpg\u00bb custom_padding=\u00bb34px|38px|34px|38px|true|true\u00bb custom_css_main_element=\u00bbdisplay:flex; flex-direction:column; justify-content:flex-start;align-items:flex-end;\u00bb global_colors_info=\u00bb{}\u00bb custom_padding__hover=\u00bb|||\u00bb theme_builder_area=\u00bbpost_content\u00bb][\/et_pb_column][et_pb_column type=\u00bb1_2&#8243; _builder_version=\u00bb4.24.3&#8243; background_enable_color=\u00bboff\u00bb custom_padding=\u00bb13px|0px|13px|31px|true|false\u00bb global_colors_info=\u00bb{}\u00bb custom_padding__hover=\u00bb|||\u00bb theme_builder_area=\u00bbpost_content\u00bb][et_pb_text _builder_version=\u00bb4.24.3&#8243; _module_preset=\u00bb_initial\u00bb header_3_font=\u00bbUbuntuTitling||||||||\u00bb header_3_text_color=\u00bb#242424&#8243; header_3_font_size=\u00bb30px\u00bb header_3_letter_spacing=\u00bb-0.04em\u00bb header_3_line_height=\u00bb1.1em\u00bb width=\u00bb88%\u00bb custom_margin=\u00bb26px|||||\u00bb global_colors_info=\u00bb{}\u00bb theme_builder_area=\u00bbpost_content\u00bb]<\/p>\n<h3>Usted puede contratar este servicio a domicilio de cualquiera de las siguientes maneras:<\/h3>\n<p>[\/et_pb_text][et_pb_text ol_position=\u00bboutside\u00bb _builder_version=\u00bb4.24.3&#8243; _module_preset=\u00bb_initial\u00bb background_enable_color=\u00bboff\u00bb custom_margin=\u00bb||0px||false|false\u00bb custom_padding=\u00bb11px|39px|11px|39px|true|true\u00bb global_colors_info=\u00bb{}\u00bb theme_builder_area=\u00bbpost_content\u00bb]<\/p>\n<ol>\n<li><strong>Solicitando personalmente<\/strong>: En su tienda habitual, bien entrega y recogida, o simplemente la entrega de sus prendas una vez finalizado el trabajo.<\/li>\n<li><strong>Solicitando a trav\u00e9s de <a href=\"http:\/\/whatsapp.tintoreriasronsel.es\/\" title=\"Enviar mensaje de Whatsapp\" target=\"_blank\" rel=\"noopener\">Whatsapp<\/strong> <i class=\"fa-brands fa-whatsapp\" style=\"font-size: 26px; color: #29c4a9;\" aria-hidden=\"true\"><\/a><\/i> o al tel\u00e9fono <strong><a href=\"tel:680 59 00 69\" title=\"Llamar a Atenci\u00f3n al Cliente\"><span style=\"display: inline-flex;\">680 59 00 69<\/span><\/a><\/strong><\/li>\n<li><strong>Accediendo a nuestra <a href=\"https:\/\/tintoreriasronsel.es\/tienda\/\" title=\"Ir a la Tintorer\u00eda Online\">Tintorer\u00eda Online<\/a><\/strong>, donde podr\u00e1 beneficiarse de las ofertas y Packs espec\u00edficos de este canal.<\/li>\n<\/ol>\n<p>[\/et_pb_text][et_pb_text _builder_version=\u00bb4.27.5&#8243; _module_preset=\u00bbdefault\u00bb header_3_font=\u00bbRaleway|700|||||||\u00bb header_3_text_align=\u00bbright\u00bb header_3_font_size=\u00bb30px\u00bb header_6_text_align=\u00bbcenter\u00bb header_6_text_color=\u00bb#00968D\u00bb background_enable_color=\u00bboff\u00bb width=\u00bb82%\u00bb custom_margin=\u00bb||0px||false|false\u00bb custom_margin_last_edited=\u00bboff|desktop\u00bb custom_padding=\u00bb4px|50px|4px|50px|true|true\u00bb global_colors_info=\u00bb{}\u00bb theme_builder_area=\u00bbpost_content\u00bb]<\/p>\n<h3 style=\"text-align: left;\">Condiciones de nuestro servicio a domicilio:<\/h3>\n<p>[\/et_pb_text][et_pb_text _builder_version=\u00bb4.27.5&#8243; _module_preset=\u00bbdefault\u00bb header_3_font=\u00bbRaleway|700|||||||\u00bb header_3_font_size=\u00bb30px\u00bb header_6_text_align=\u00bbcenter\u00bb header_6_text_color=\u00bb#00968D\u00bb background_enable_color=\u00bboff\u00bb custom_margin=\u00bb||0px||false|false\u00bb custom_margin_last_edited=\u00bboff|desktop\u00bb custom_padding=\u00bb8px|50px|26px|50px|false|true\u00bb global_colors_info=\u00bb{}\u00bb theme_builder_area=\u00bbpost_content\u00bb]<\/p>\n<ul>\n<li><strong>Recogida y entrega a domicilio GRATIS<\/strong> (Para pedidos superiores a 20 \u20ac* para pedidos <strong>para los c\u00f3digos de Madrid 280*<\/strong>. \u2014 <strong>Para c\u00f3digos 281*<\/strong> de la Comunidad de Madrid, el pedido m\u00ednimo es de 80\u20ac)<\/li>\n<li style=\"margin-top: 20px;\"><strong>Para pedidos <em>inferiores al l\u00edmite<\/em>, el coste ser\u00eda:<\/strong><\/li>\n<\/ul>\n<p style=\"padding-left: 40px;\">C\u00f3digos de Madrid 280 es coste ser\u00eda 6,5 euros por viaje.<\/p>\n<p style=\"padding-left: 40px;\">C\u00f3digos 281 de la comunidad es coste ser\u00eda 10 a 20 euros por viaje, dependiendo de la distancia.<\/p>\n<p>[\/et_pb_text][et_pb_button button_url=\u00bbtel:680590069&#8243; button_text=\u00bbLLAMAR AHORA\u00bb admin_label=\u00bbLl\u00e1menos\u00bb _builder_version=\u00bb4.27.5&#8243; _module_preset=\u00bbf19470d9-307b-493c-ac3d-c10a1632134b\u00bb custom_padding=\u00bb0px|80px|0px|60px|true|false\u00bb button_border_color_hover=\u00bb#1fbacd\u00bb button_border_radius_hover=\u00bb4&#8243; button_letter_spacing_hover=\u00bb1&#8243; locked=\u00bboff\u00bb global_colors_info=\u00bb{}\u00bb button_one_text_size__hover_enabled=\u00bboff\u00bb button_two_text_size__hover_enabled=\u00bboff\u00bb button_one_text_color__hover_enabled=\u00bboff\u00bb button_two_text_color__hover_enabled=\u00bboff\u00bb button_one_border_width__hover_enabled=\u00bboff\u00bb button_two_border_width__hover_enabled=\u00bboff\u00bb button_one_border_color__hover_enabled=\u00bboff\u00bb button_two_border_color__hover_enabled=\u00bboff\u00bb button_one_border_radius__hover_enabled=\u00bboff\u00bb button_two_border_radius__hover_enabled=\u00bboff\u00bb button_one_letter_spacing__hover_enabled=\u00bboff\u00bb button_two_letter_spacing__hover_enabled=\u00bboff\u00bb button_one_bg_color__hover_enabled=\u00bboff\u00bb button_two_bg_color__hover_enabled=\u00bboff\u00bb button_text_color__hover=\u00bb#FFFFEE\u00bb button_icon_color__hover_enabled=\u00bbon|hover\u00bb theme_builder_area=\u00bbpost_content\u00bb][\/et_pb_button][\/et_pb_column][\/et_pb_row][\/et_pb_section]<\/p>\n","protected":false},"excerpt":{"rendered":"<p>Recogemos sus prendas con cuidado y responsabilidad, y entregamos su ropa limpia y planchada en casa.Recogiendo y entregando su ropa, nuestro servicio siempre cumple en tiempo y calidad de limpieza. En el barrio de\u00a0Salamanca, en la calle\u00a0General Pardi\u00f1as, 41; en la calle\u00a0del Trigo 1, en Legan\u00e9s; y tambi\u00e9n en la calle\u00a0N\u00fa\u00f1ez de Balboa,\u00a095. Y si [&hellip;]<\/p>\n","protected":false},"author":2,"featured_media":0,"parent":0,"menu_order":0,"comment_status":"closed","ping_status":"closed","template":"","meta":{"_acf_changed":false,"_et_pb_use_builder":"on","_et_pb_old_content":"","_et_gb_content_width":"","footnotes":""},"class_list":["post-257434","page","type-page","status-publish","hentry"],"acf":[],"_links":{"self":[{"href":"https:\/\/tintoreriasronsel.es\/tienda\/wp-json\/wp\/v2\/pages\/257434","targetHints":{"allow":["GET"]}}],"collection":[{"href":"https:\/\/tintoreriasronsel.es\/tienda\/wp-json\/wp\/v2\/pages"}],"about":[{"href":"https:\/\/tintoreriasronsel.es\/tienda\/wp-json\/wp\/v2\/types\/page"}],"author":[{"embeddable":true,"href":"https:\/\/tintoreriasronsel.es\/tienda\/wp-json\/wp\/v2\/users\/2"}],"replies":[{"embeddable":true,"href":"https:\/\/tintoreriasronsel.es\/tienda\/wp-json\/wp\/v2\/comments?post=257434"}],"version-history":[{"count":0,"href":"https:\/\/tintoreriasronsel.es\/tienda\/wp-json\/wp\/v2\/pages\/257434\/revisions"}],"wp:attachment":[{"href":"https:\/\/tintoreriasronsel.es\/tienda\/wp-json\/wp\/v2\/media?parent=257434"}],"curies":[{"name":"wp","href":"https:\/\/api.w.org\/{rel}","templated":true}]}}